{"id":101,"date":"2019-05-22T00:06:35","date_gmt":"2019-05-22T00:06:35","guid":{"rendered":"http:\/\/verainmuebles.com\/?page_id=101"},"modified":"2019-05-29T21:00:08","modified_gmt":"2019-05-29T21:00:08","slug":"propiedades","status":"publish","type":"page","link":"http:\/\/verainmuebles.com\/?page_id=101","title":{"rendered":"Propiedades"},"content":{"rendered":"<p>[et_pb_section fb_built=&#8221;1&#8243; _builder_version=&#8221;3.22.7&#8243;][et_pb_row _builder_version=&#8221;3.22.7&#8243;][et_pb_column type=&#8221;3_4&#8243; _builder_version=&#8221;3.22.7&#8243;][et_pb_text _builder_version=&#8221;3.22.7&#8243;]<\/p>\n<p>&nbsp;<\/p>\n\n    \n    <div class=\"es-wrap Divi\">\n                    \n    <form method=\"GET\" action=\"http:\/\/verainmuebles.com\/index.php?rest_route=%2Fwp%2Fv2%2Fpages%2F101\" class=\"es-dropdown-container\">\n        <select class=\"js-es-select2-sort js-es-change-submit\" name=\"redirect_view_sort\">\n                            <option value=\"recent\" >M\u00e1s reciente<\/option>\n                            <option value=\"highest_price\" >Precio m\u00e1s alto<\/option>\n                            <option value=\"lowest_price\" >Precio m\u00e1s bajo<\/option>\n                            <option value=\"featured\" >Destacado<\/option>\n                    <\/select>\n        <input type=\"hidden\" name=\"shortcode_identifier\" value=\"1\"\/>\n    <\/form>\n                <div class=\"es-listing es-layout-3_col\" data-layout=\"es-layout-3_col\">\n                            \n<div id=\"post-2197\" class=\"properties post-2197 type-properties status-publish has-post-thumbnail hentry es_category-casas es_status-veracruz es_type-renta\">\n    <div class=\"es-property-inner\">\n        <div class=\"es-property-thumbnail\">\n            <div class=\"es-thumbnail\">\n                <a href=\"http:\/\/verainmuebles.com\/?properties=casa-en-renta-con-habitaciones-climatizadas-cerca-de-plaza-americas\">\n                                            <img loading=\"lazy\" decoding=\"async\" width=\"536\" height=\"370\" src=\"http:\/\/verainmuebles.com\/wp-content\/uploads\/2020\/10\/1-1-536x370.jpg\" class=\"attachment-es-image-size-archive size-es-image-size-archive\" alt=\"\" \/>                    \n                    \t                                        <div class=\"es-thumbnail-bottom\">7<\/div>\n\t                                <\/a>\n            <\/div>\n        <\/div>\n\n        <div class=\"es-property-info\">\n\n            <div class=\"es-row-view\">\n                <h2>\n                    <a href=\"http:\/\/verainmuebles.com\/?properties=casa-en-renta-con-habitaciones-climatizadas-cerca-de-plaza-americas\">Casa en renta con habitaciones climatizadas cerca de Plaza Am\u00e9ricas<\/a>\n                    <span class=\"es-price\">$ 5,200.00<\/span>                <\/h2>\n            <\/div>\n\n            <div class=\"es-col-view\">\n                <h2>\n                    <a class=\"es-property-link\" href=\"http:\/\/verainmuebles.com\/?properties=casa-en-renta-con-habitaciones-climatizadas-cerca-de-plaza-americas\">Casa en renta con habitaciones climatizadas cerca de Plaza Am\u00e9ricas<\/a>\n\t                                <\/h2>\n\t            <span class=\"es-price\">$ 5,200.00<\/span>            <\/div>\n\n\t        \n            <div class=\"es-property-content\">\n                <div class=\"es-property-excerpt\">\n\t\t            <p>Ubicada en conjunto cerrado en Joyas de Mocambo a unos pasos de los principales centros comerciales Plaza Am\u00e9ricas, Plaza Andamar, Plaza del Sol. Cerca de la Universidad Villa Rica o UVM, La Salle, Colegio Americano. Cuenta con \u00e1rea de sala comedor- cocina, un ba\u00f1o completo, cocina con tarja y sin estufa, \u00e1rea de servicio con [&hellip;]<\/p>\n                <\/div>\n                <div class=\"es-property-wishlist\">\n\t\t                            <\/div>\n            <\/div>\n\n            \n            <div class=\"es-bottom-info\">\n                \t\t\t<div class=\"es-bottom-icon__list\">\t\t\t\t\t\t\t\t\t\t<span class=\"es-bottom-icon\">\n                            \t                            <span class=\"es-meta-icon es-meta-icon--bedrooms\" style=\"background-image: url(https:\/\/verainmuebles.com\/wp-content\/plugins\/estatik-pro_3.11.8-1\/assets\/images\/bed_icon.png);\"><\/span>\n                            \t\t\t\t\t\t\t2 \u0441uartos                        <\/span>\n\t\t\t\t\t\t\t\t\t\t\t\t\t\t\t<span class=\"es-bottom-icon\">\n                            \t                            <span class=\"es-meta-icon es-meta-icon--bathrooms\" style=\"background-image: url(https:\/\/verainmuebles.com\/wp-content\/plugins\/estatik-pro_3.11.8-1\/assets\/images\/bath_icon.png);\"><\/span>\n                            \t\t\t\t\t\t\t1 ba\u00f1o                        <\/span>\n\t\t\t\t\t\t\t\t\t<\/div>\n\t\t\n                <div class=\"es-details-wrap\">\n                    <div class=\"es-details-flex\">\n                                                    <div class=\"es-map-link-wrap\">\n                                <a href=\"#\" class=\"es-map-view-link es-hover-show\" data-longitude=\"-96.1126125\"\n                                   data-latitude=\"19.1449156\">Ver en mapa<\/a>\n                            <\/div>\n                                                <span class=\"es-read-wrap\">\n                            <a href=\"http:\/\/verainmuebles.com\/?properties=casa-en-renta-con-habitaciones-climatizadas-cerca-de-plaza-americas\" class=\"es-button es-button-orange es-hover-show es-read\">Detalles<\/a>\n                        <\/span>\n                    <\/div>\n                <\/div>\n            <\/div>\n        <\/div>\n\n    <\/div>\n<\/div>\n                    <\/div>\n\n            <\/div>\n            \n<p>&nbsp;<\/p>\n<p>[\/et_pb_text][\/et_pb_column][et_pb_column type=&#8221;1_4&#8243; _builder_version=&#8221;3.22.7&#8243;][et_pb_sidebar _builder_version=&#8221;3.22.7&#8243;][\/et_pb_sidebar][\/et_pb_column][\/et_pb_row][\/et_pb_section]<\/p>\n","protected":false},"excerpt":{"rendered":"<p>[et_pb_section fb_built=&#8221;1&#8243; _builder_version=&#8221;3.22.7&#8243;][et_pb_row _builder_version=&#8221;3.22.7&#8243;][et_pb_column type=&#8221;3_4&#8243; _builder_version=&#8221;3.22.7&#8243;][et_pb_text _builder_version=&#8221;3.22.7&#8243;] &nbsp; &nbsp; [\/et_pb_text][\/et_pb_column][et_pb_column type=&#8221;1_4&#8243; _builder_version=&#8221;3.22.7&#8243;][et_pb_sidebar _builder_version=&#8221;3.22.7&#8243;][\/et_pb_sidebar][\/et_pb_column][\/et_pb_row][\/et_pb_section]<\/p>\n","protected":false},"author":1,"featured_media":0,"parent":0,"menu_order":0,"comment_status":"closed","ping_status":"closed","template":"","meta":{"_et_pb_use_builder":"on","_et_pb_old_content":"","_et_gb_content_width":"","footnotes":""},"class_list":["post-101","page","type-page","status-publish","hentry"],"_links":{"self":[{"href":"http:\/\/verainmuebles.com\/index.php?rest_route=\/wp\/v2\/pages\/101"}],"collection":[{"href":"http:\/\/verainmuebles.com\/index.php?rest_route=\/wp\/v2\/pages"}],"about":[{"href":"http:\/\/verainmuebles.com\/index.php?rest_route=\/wp\/v2\/types\/page"}],"author":[{"embeddable":true,"href":"http:\/\/verainmuebles.com\/index.php?rest_route=\/wp\/v2\/users\/1"}],"replies":[{"embeddable":true,"href":"http:\/\/verainmuebles.com\/index.php?rest_route=%2Fwp%2Fv2%2Fcomments&post=101"}],"version-history":[{"count":10,"href":"http:\/\/verainmuebles.com\/index.php?rest_route=\/wp\/v2\/pages\/101\/revisions"}],"predecessor-version":[{"id":296,"href":"http:\/\/verainmuebles.com\/index.php?rest_route=\/wp\/v2\/pages\/101\/revisions\/296"}],"wp:attachment":[{"href":"http:\/\/verainmuebles.com\/index.php?rest_route=%2Fwp%2Fv2%2Fmedia&parent=101"}],"curies":[{"name":"wp","href":"https:\/\/api.w.org\/{rel}","templated":true}]}}